{"id":1697,"date":"2023-11-07T12:50:15","date_gmt":"2023-11-07T12:50:15","guid":{"rendered":"https:\/\/www.gregorius.lu\/politique-de-confidentialite\/"},"modified":"2026-01-29T10:07:19","modified_gmt":"2026-01-29T10:07:19","slug":"privacy-policy","status":"publish","type":"page","link":"https:\/\/www.gregorius.lu\/fr\/privacy-policy\/","title":{"rendered":"Politique de confidentialit\u00e9"},"content":{"rendered":"\t\t<div data-elementor-type=\"wp-page\" data-elementor-id=\"1697\" class=\"elementor elementor-1697 elementor-3\" data-elementor-post-type=\"page\">\n\t\t\t\t\t\t\t<div class=\"elementor-element elementor-element-1318601c e-flex e-con-boxed e-con e-parent\" data-id=\"1318601c\" data-element_type=\"container\" data-settings=\"{&quot;content_width&quot;:&quot;boxed&quot;}\" data-core-v316-plus=\"true\">\n\t\t\t\t\t<div class=\"e-con-inner\">\n\t\t\t\t<div class=\"elementor-element elementor-element-65156112 elementor-widget elementor-widget-text-editor\" data-id=\"65156112\" data-element_type=\"widget\" data-widget_type=\"text-editor.default\">\n\t\t\t\t<div class=\"elementor-widget-container\">\n\t\t\t<style>\/*! elementor - v3.18.0 - 06-12-2023 *\/\n.elementor-widget-text-editor.elementor-drop-cap-view-stacked .elementor-drop-cap{background-color:#69727d;color:#fff}.elementor-widget-text-editor.elementor-drop-cap-view-framed .elementor-drop-cap{color:#69727d;border:3px solid;background-color:transparent}.elementor-widget-text-editor:not(.elementor-drop-cap-view-default) .elementor-drop-cap{margin-top:8px}.elementor-widget-text-editor:not(.elementor-drop-cap-view-default) .elementor-drop-cap-letter{width:1em;height:1em}.elementor-widget-text-editor .elementor-drop-cap{float:left;text-align:center;line-height:1;font-size:50px}.elementor-widget-text-editor .elementor-drop-cap-letter{display:inline-block}<\/style>\t\t\t\t<p> <span style=\"color: inherit; font-family: inherit; font-size: 2.5rem;\">Protection <\/span><span style=\"color: inherit; font-family: inherit; font-size: 2.5rem;\">Donn\u00e9es personnelles<\/span><\/p>\n<p>Conform\u00e9ment au R\u00e8glement europ\u00e9en 2016\/679 du 27 avril 2016 relatif \u00e0 la protection des personnes physiques \u00e0 l&rsquo;\u00e9gard du traitement des donn\u00e9es \u00e0 caract\u00e8re personnel et \u00e0 la libre circulation de ces donn\u00e9es, la Soci\u00e9t\u00e9 met en \u0153uvre un traitement de donn\u00e9es \u00e0 caract\u00e8re personnel ayant pour finalit\u00e9 la vente et la fourniture des produits et services d\u00e9finis dans la pr\u00e9sente Politique de confidentialit\u00e9. Le client est inform\u00e9 de ce qui suit : <\/p>\n<p class=\"MsoListParagraphCxSpFirst\" style=\"margin-left: 53.4pt; mso-add-space: auto; text-indent: -18.0pt; mso-list: l0 level1 lfo2;\">&#8211;<span style=\"font-variant-numeric: normal; font-variant-east-asian: normal; font-variant-alternates: normal; font-size-adjust: none; font-language-override: normal; font-kerning: auto; font-optical-sizing: auto; font-feature-settings: normal; font-variation-settings: normal; font-variant-position: normal; font-variant-emoji: normal; font-stretch: normal; font-size: 7pt; line-height: normal; font-family: 'Times New Roman';\">        <\/span>Identit\u00e9 et coordonn\u00e9es du responsable du traitement et, le cas \u00e9ch\u00e9ant, du repr\u00e9sentant du responsable du traitement : [Gregorius Pascal, media@gregorius.lu] ;<\/p>\n<p class=\"MsoListParagraphCxSpMiddle\" style=\"margin-left: 53.4pt; mso-add-space: auto; text-indent: -18.0pt; mso-list: l0 level1 lfo2;\">&#8211;<span style=\"font-variant-numeric: normal; font-variant-east-asian: normal; font-variant-alternates: normal; font-size-adjust: none; font-language-override: normal; font-kerning: auto; font-optical-sizing: auto; font-feature-settings: normal; font-variation-settings: normal; font-variant-position: normal; font-variant-emoji: normal; font-stretch: normal; font-size: 7pt; line-height: normal; font-family: 'Times New Roman';\">        <\/span>Coordonn\u00e9es du responsable de la protection des donn\u00e9es : [Gregorius Pascal, media@gregorius.lu] ;<\/p>\n<p class=\"MsoListParagraphCxSpMiddle\" style=\"margin-left: 53.4pt; mso-add-space: auto; text-indent: -18.0pt; mso-list: l0 level1 lfo2;\">&#8211;<span style=\"font-variant-numeric: normal; font-variant-east-asian: normal; font-variant-alternates: normal; font-size-adjust: none; font-language-override: normal; font-kerning: auto; font-optical-sizing: auto; font-feature-settings: normal; font-variation-settings: normal; font-variant-position: normal; font-variant-emoji: normal; font-stretch: normal; font-size: 7pt; line-height: normal; font-family: 'Times New Roman';\">        <\/span>Base juridique du traitement : le traitement des donn\u00e9es \u00e0 caract\u00e8re personnel est effectu\u00e9 sur la base des dispositions du R\u00e8glement g\u00e9n\u00e9ral sur la protection des donn\u00e9es (R\u00e8glement (UE) 2016\/679, RGPD) ainsi que de la loi du 1er ao\u00fbt 2018 relative \u00e0 l&rsquo;organisation de la Commission nationale pour la protection des donn\u00e9es (CNPD) et du droit commun de la protection des donn\u00e9es.<\/p>\n<p class=\"MsoListParagraphCxSpMiddle\" style=\"margin-left: 53.4pt; mso-add-space: auto;\">Plus pr\u00e9cis\u00e9ment, nous fondons le traitement sur les bases juridiques suivantes :<\/p>\n<p class=\"MsoListParagraphCxSpMiddle\" style=\"margin-left: 89.4pt; mso-add-space: auto; text-indent: -18.0pt; mso-list: l0 level2 lfo2;\"><span style=\"font-family: 'Courier New'; mso-fareast-font-family: 'Courier New';\">o<span style=\"font-variant-numeric: normal; font-variant-east-asian: normal; font-variant-alternates: normal; font-size-adjust: none; font-language-override: normal; font-kerning: auto; font-optical-sizing: auto; font-feature-settings: normal; font-variation-settings: normal; font-variant-position: normal; font-variant-emoji: normal; font-stretch: normal; font-size: 7pt; line-height: normal; font-family: 'Times New Roman';\">   <\/span><\/span><span style=\"text-indent: -18pt; font-size: 1rem;\">Article 6, paragraphe 1, point b) du RGPD (ex\u00e9cution du contrat) :    <\/span><span style=\"text-indent: -18pt; font-size: 1rem;\">pour toutes les donn\u00e9es n\u00e9cessaires \u00e0 l&rsquo;initiation, \u00e0 l&rsquo;ex\u00e9cution ou au r\u00e8glement d&rsquo;un  <\/span><span style=\"text-indent: -18pt; font-size: 1rem;\">relation contractuelle avec le client (par exemple, offres et   <\/span><span style=\"text-indent: -18pt; font-size: 1rem;\">facturation, r\u00e9alisation de travaux et de services).<\/span><\/p>\n<p class=\"MsoListParagraphCxSpMiddle\" style=\"margin-left: 89.4pt; mso-add-space: auto; text-indent: -18.0pt; mso-list: l0 level2 lfo2;\"><span style=\"font-family: 'Courier New'; mso-fareast-font-family: 'Courier New';\">o<span style=\"font-variant-numeric: normal; font-variant-east-asian: normal; font-variant-alternates: normal; font-size-adjust: none; font-language-override: normal; font-kerning: auto; font-optical-sizing: auto; font-feature-settings: normal; font-variation-settings: normal; font-variant-position: normal; font-variant-emoji: normal; font-stretch: normal; font-size: 7pt; line-height: normal; font-family: 'Times New Roman';\">   <\/span><\/span>Art. 6, paragraphe 1, point c), du RGPD (obligation l\u00e9gale) : <span style=\"text-indent: -18pt; font-size: 1rem;\">pour le traitement des donn\u00e9es que nous devons collecter en vertu d&rsquo;une obligation l\u00e9gale <\/span>.    <span style=\"text-indent: -18pt; font-size: 1rem;\">ou de les transmettre (par exemple, des informations fiscales ou des informations   <\/span><span style=\"text-indent: -18pt; font-size: 1rem;\">obligations de conservation).<\/span><\/p>\n<p class=\"MsoListParagraphCxSpMiddle\" style=\"margin-left: 89.4pt; mso-add-space: auto; text-indent: -18.0pt; mso-list: l0 level2 lfo2;\"><span style=\"font-family: 'Courier New'; mso-fareast-font-family: 'Courier New';\">o<span style=\"font-variant-numeric: normal; font-variant-east-asian: normal; font-variant-alternates: normal; font-size-adjust: none; font-language-override: normal; font-kerning: auto; font-optical-sizing: auto; font-feature-settings: normal; font-variation-settings: normal; font-variant-position: normal; font-variant-emoji: normal; font-stretch: normal; font-size: 7pt; line-height: normal; font-family: 'Times New Roman';\">   <\/span><\/span>Art. 6, paragraphe 1, point f du RGPD (int\u00e9r\u00eat l\u00e9gitime) : pour le traitement des donn\u00e9es \u00e0 des fins de gestion de la client\u00e8le, d&rsquo;administration interne et de publicit\u00e9 directe, notamment par l&rsquo;utilisation de services tels que \u00ab\u00a0Custom Audiences\u00a0\u00bb de Meta Platforms Ireland Ltd (Facebook, Instagram). Dans ce cadre, les donn\u00e9es des clients sont trait\u00e9es de mani\u00e8re crypt\u00e9e et ne sont utilis\u00e9es qu&rsquo;\u00e0 des fins de comparaison avec les profils d&rsquo;utilisateurs. Le client peut s&rsquo;opposer \u00e0 ce traitement \u00e0 tout moment.    <\/p>\n<p class=\"MsoListParagraphCxSpMiddle\" style=\"margin-left: 53.4pt; mso-add-space: auto; text-indent: -18.0pt; mso-list: l0 level1 lfo2;\">&#8211;<span style=\"font-variant-numeric: normal; font-variant-east-asian: normal; font-variant-alternates: normal; font-size-adjust: none; font-language-override: normal; font-kerning: auto; font-optical-sizing: auto; font-feature-settings: normal; font-variation-settings: normal; font-variant-position: normal; font-variant-emoji: normal; font-stretch: normal; font-size: 7pt; line-height: normal; font-family: 'Times New Roman';\">        <\/span>Destinataires ou cat\u00e9gories de destinataires des donn\u00e9es \u00e0 caract\u00e8re personnel, le cas \u00e9ch\u00e9ant : <span style=\"font-size: 1rem; text-indent: -18pt;\">Le traitement des donn\u00e9es est effectu\u00e9 au sein de l&rsquo;entreprise par les personnes comp\u00e9tentes. <\/span> <span style=\"font-size: 1rem;\">les services internes (par exemple, l&rsquo;administration, la comptabilit\u00e9, les ventes,   <\/span><span style=\"font-size: 1rem;\">d\u00e9roulement du projet). La transmission \u00e0 des destinataires externes n&rsquo;a lieu que dans la mesure o\u00f9   <\/span><span style=\"font-size: 1rem;\">si cela est n\u00e9cessaire \u00e0 l&rsquo;ex\u00e9cution du contrat (par exemple, sous-traitants, fournisseurs,   <\/span><span style=\"font-size: 1rem;\">conseiller fiscal) ou si nous sommes tenus de le faire par la loi (par exemple, les autorit\u00e9s publiques).<\/span><\/p>\n<p class=\"MsoListParagraphCxSpMiddle\" style=\"margin-left: 53.4pt; mso-add-space: auto;\">Il n&rsquo;y a pas de transfert en dehors de l&rsquo;UE, sauf dans le cadre de l&rsquo;utilisation de services de fournisseurs internationaux (par exemple Meta Platforms, Google), qui sont soumis aux r\u00e8gles du RGPD et, le cas \u00e9ch\u00e9ant, aux clauses contractuelles standard.<\/p>\n<p class=\"MsoListParagraphCxSpMiddle\" style=\"margin-left: 53.4pt; mso-add-space: auto; text-indent: -18.0pt; mso-list: l0 level1 lfo2;\">&#8211;<span style=\"font-variant-numeric: normal; font-variant-east-asian: normal; font-variant-alternates: normal; font-size-adjust: none; font-language-override: normal; font-kerning: auto; font-optical-sizing: auto; font-feature-settings: normal; font-variation-settings: normal; font-variant-position: normal; font-variant-emoji: normal; font-stretch: normal; font-size: 7pt; line-height: normal; font-family: 'Times New Roman';\">        <\/span>Dur\u00e9e de conservation des donn\u00e9es : 10 ans ;<\/p>\n<p class=\"MsoListParagraphCxSpMiddle\" style=\"margin-left: 53.4pt; mso-add-space: auto; text-indent: -18.0pt; mso-list: l0 level1 lfo2;\">&#8211;<span style=\"font-variant-numeric: normal; font-variant-east-asian: normal; font-variant-alternates: normal; font-size-adjust: none; font-language-override: normal; font-kerning: auto; font-optical-sizing: auto; font-feature-settings: normal; font-variation-settings: normal; font-variant-position: normal; font-variant-emoji: normal; font-stretch: normal; font-size: 7pt; line-height: normal; font-family: 'Times New Roman';\">        <\/span>La personne concern\u00e9e a le droit de demander au responsable du traitement l&rsquo;acc\u00e8s aux donn\u00e9es \u00e0 caract\u00e8re personnel, la rectification ou l&rsquo;effacement de ces donn\u00e9es ou la limitation du traitement en ce qui concerne la personne concern\u00e9e, ainsi que le droit de s&rsquo;opposer au traitement et le droit \u00e0 la portabilit\u00e9 des donn\u00e9es. La personne concern\u00e9e a le droit de d\u00e9poser une <span style=\"text-indent: -18pt; font-size: 1rem;\">plainte aupr\u00e8s d&rsquo;une autorit\u00e9 de contr\u00f4le <\/span><span style=\"text-indent: -18pt; font-size: 1rem;\">.<\/span> <\/p>\n<p class=\"MsoListParagraphCxSpLast\" style=\"margin-left: 53.4pt; mso-add-space: auto; text-indent: -18.0pt; mso-list: l0 level1 lfo2;\">&#8211;<span style=\"font-variant-numeric: normal; font-variant-east-asian: normal; font-variant-alternates: normal; font-size-adjust: none; font-language-override: normal; font-kerning: auto; font-optical-sizing: auto; font-feature-settings: normal; font-variation-settings: normal; font-variant-position: normal; font-variant-emoji: normal; font-stretch: normal; font-size: 7pt; line-height: normal; font-family: 'Times New Roman';\">        <\/span>Les informations demand\u00e9es lors de la commande sont n\u00e9cessaires \u00e0 l&rsquo;\u00e9tablissement de la facture (obligation l\u00e9gale) et \u00e0 la livraison des produits command\u00e9s. Sans ces informations, il est   <span style=\"text-indent: -18pt; font-size: 1rem;\">il n&rsquo;est pas possible de passer la commande. Dans le cadre du processus de commande, vous trouverez   <\/span><span style=\"text-indent: -18pt; font-size: 1rem;\">aucune d\u00e9cision automatis\u00e9e ni aucun profilage ne sont effectu\u00e9s.<\/span><\/p>\n\t\t\t\t\t\t<\/div>\n\t\t\t\t<\/div>\n\t\t\t\t\t<\/div>\n\t\t\t\t<\/div>\n\t\t\t\t\t\t\t<\/div>\n\t\t","protected":false},"excerpt":{"rendered":"<p>Protection Donn\u00e9es personnelles Conform\u00e9ment au R\u00e8glement europ\u00e9en 2016\/679 du 27 avril 2016 relatif \u00e0 la protection des personnes physiques \u00e0 l&rsquo;\u00e9gard du traitement des donn\u00e9es \u00e0 caract\u00e8re personnel et \u00e0 la libre circulation de ces donn\u00e9es, la Soci\u00e9t\u00e9 met en \u0153uvre un traitement de donn\u00e9es \u00e0 caract\u00e8re personnel ayant pour finalit\u00e9 la vente et la [&hellip;]<\/p>\n","protected":false},"author":1,"featured_media":0,"parent":0,"menu_order":0,"comment_status":"closed","ping_status":"open","template":"","meta":{"footnotes":""},"class_list":["post-1697","page","type-page","status-publish","hentry"],"yoast_head":"<!-- This site is optimized with the Yoast SEO plugin v22.1 - https:\/\/yoast.com\/wordpress\/plugins\/seo\/ -->\n<title>Politique de confidentialit\u00e9 - Gregorius Group<\/title>\n<meta name=\"robots\" content=\"index, follow, max-snippet:-1, max-image-preview:large, max-video-preview:-1\" \/>\n<link rel=\"canonical\" href=\"https:\/\/www.gregorius.lu\/fr\/privacy-policy\/\" \/>\n<meta property=\"og:locale\" content=\"fr_FR\" \/>\n<meta property=\"og:type\" content=\"article\" \/>\n<meta property=\"og:title\" content=\"Politique de confidentialit\u00e9 - Gregorius Group\" \/>\n<meta property=\"og:description\" content=\"Protection Donn\u00e9es personnelles Conform\u00e9ment au R\u00e8glement europ\u00e9en 2016\/679 du 27 avril 2016 relatif \u00e0 la protection des personnes physiques \u00e0 l&rsquo;\u00e9gard du traitement des donn\u00e9es \u00e0 caract\u00e8re personnel et \u00e0 la libre circulation de ces donn\u00e9es, la Soci\u00e9t\u00e9 met en \u0153uvre un traitement de donn\u00e9es \u00e0 caract\u00e8re personnel ayant pour finalit\u00e9 la vente et la [&hellip;]\" \/>\n<meta property=\"og:url\" content=\"https:\/\/www.gregorius.lu\/fr\/privacy-policy\/\" \/>\n<meta property=\"og:site_name\" content=\"Gregorius Group\" \/>\n<meta property=\"article:modified_time\" content=\"2026-01-29T10:07:19+00:00\" \/>\n<meta name=\"twitter:card\" content=\"summary_large_image\" \/>\n<meta name=\"twitter:label1\" content=\"Dur\u00e9e de lecture estim\u00e9e\" \/>\n\t<meta name=\"twitter:data1\" content=\"4 minutes\" \/>\n<script type=\"application\/ld+json\" class=\"yoast-schema-graph\">{\"@context\":\"https:\/\/schema.org\",\"@graph\":[{\"@type\":\"WebPage\",\"@id\":\"https:\/\/www.gregorius.lu\/fr\/privacy-policy\/\",\"url\":\"https:\/\/www.gregorius.lu\/fr\/privacy-policy\/\",\"name\":\"Politique de confidentialit\u00e9 - Gregorius Group\",\"isPartOf\":{\"@id\":\"https:\/\/www.gregorius.lu\/fr\/#website\"},\"datePublished\":\"2023-11-07T12:50:15+00:00\",\"dateModified\":\"2026-01-29T10:07:19+00:00\",\"breadcrumb\":{\"@id\":\"https:\/\/www.gregorius.lu\/fr\/privacy-policy\/#breadcrumb\"},\"inLanguage\":\"fr-FR\",\"potentialAction\":[{\"@type\":\"ReadAction\",\"target\":[\"https:\/\/www.gregorius.lu\/fr\/privacy-policy\/\"]}]},{\"@type\":\"BreadcrumbList\",\"@id\":\"https:\/\/www.gregorius.lu\/fr\/privacy-policy\/#breadcrumb\",\"itemListElement\":[{\"@type\":\"ListItem\",\"position\":1,\"name\":\"Startseite\",\"item\":\"https:\/\/www.gregorius.lu\/fr\/\"},{\"@type\":\"ListItem\",\"position\":2,\"name\":\"Politique de confidentialit\u00e9\"}]},{\"@type\":\"WebSite\",\"@id\":\"https:\/\/www.gregorius.lu\/fr\/#website\",\"url\":\"https:\/\/www.gregorius.lu\/fr\/\",\"name\":\"Toitures Gregorius\",\"description\":\"Seit 1875 - Ihr Partner an der Mosel\",\"publisher\":{\"@id\":\"https:\/\/www.gregorius.lu\/fr\/#organization\"},\"potentialAction\":[{\"@type\":\"SearchAction\",\"target\":{\"@type\":\"EntryPoint\",\"urlTemplate\":\"https:\/\/www.gregorius.lu\/fr\/?s={search_term_string}\"},\"query-input\":\"required name=search_term_string\"}],\"inLanguage\":\"fr-FR\"},{\"@type\":\"Organization\",\"@id\":\"https:\/\/www.gregorius.lu\/fr\/#organization\",\"name\":\"Toitures Gregorius\",\"url\":\"https:\/\/www.gregorius.lu\/fr\/\",\"logo\":{\"@type\":\"ImageObject\",\"inLanguage\":\"fr-FR\",\"@id\":\"https:\/\/www.gregorius.lu\/fr\/#\/schema\/logo\/image\/\",\"url\":\"https:\/\/www.gregorius.lu\/wp-content\/uploads\/2024\/03\/ogimage-gregorius.jpg\",\"contentUrl\":\"https:\/\/www.gregorius.lu\/wp-content\/uploads\/2024\/03\/ogimage-gregorius.jpg\",\"width\":794,\"height\":408,\"caption\":\"Toitures Gregorius\"},\"image\":{\"@id\":\"https:\/\/www.gregorius.lu\/fr\/#\/schema\/logo\/image\/\"}}]}<\/script>\n<!-- \/ Yoast SEO plugin. -->","yoast_head_json":{"title":"Politique de confidentialit\u00e9 - Gregorius Group","robots":{"index":"index","follow":"follow","max-snippet":"max-snippet:-1","max-image-preview":"max-image-preview:large","max-video-preview":"max-video-preview:-1"},"canonical":"https:\/\/www.gregorius.lu\/fr\/privacy-policy\/","og_locale":"fr_FR","og_type":"article","og_title":"Politique de confidentialit\u00e9 - Gregorius Group","og_description":"Protection Donn\u00e9es personnelles Conform\u00e9ment au R\u00e8glement europ\u00e9en 2016\/679 du 27 avril 2016 relatif \u00e0 la protection des personnes physiques \u00e0 l&rsquo;\u00e9gard du traitement des donn\u00e9es \u00e0 caract\u00e8re personnel et \u00e0 la libre circulation de ces donn\u00e9es, la Soci\u00e9t\u00e9 met en \u0153uvre un traitement de donn\u00e9es \u00e0 caract\u00e8re personnel ayant pour finalit\u00e9 la vente et la [&hellip;]","og_url":"https:\/\/www.gregorius.lu\/fr\/privacy-policy\/","og_site_name":"Gregorius Group","article_modified_time":"2026-01-29T10:07:19+00:00","twitter_card":"summary_large_image","twitter_misc":{"Dur\u00e9e de lecture estim\u00e9e":"4 minutes"},"schema":{"@context":"https:\/\/schema.org","@graph":[{"@type":"WebPage","@id":"https:\/\/www.gregorius.lu\/fr\/privacy-policy\/","url":"https:\/\/www.gregorius.lu\/fr\/privacy-policy\/","name":"Politique de confidentialit\u00e9 - Gregorius Group","isPartOf":{"@id":"https:\/\/www.gregorius.lu\/fr\/#website"},"datePublished":"2023-11-07T12:50:15+00:00","dateModified":"2026-01-29T10:07:19+00:00","breadcrumb":{"@id":"https:\/\/www.gregorius.lu\/fr\/privacy-policy\/#breadcrumb"},"inLanguage":"fr-FR","potentialAction":[{"@type":"ReadAction","target":["https:\/\/www.gregorius.lu\/fr\/privacy-policy\/"]}]},{"@type":"BreadcrumbList","@id":"https:\/\/www.gregorius.lu\/fr\/privacy-policy\/#breadcrumb","itemListElement":[{"@type":"ListItem","position":1,"name":"Startseite","item":"https:\/\/www.gregorius.lu\/fr\/"},{"@type":"ListItem","position":2,"name":"Politique de confidentialit\u00e9"}]},{"@type":"WebSite","@id":"https:\/\/www.gregorius.lu\/fr\/#website","url":"https:\/\/www.gregorius.lu\/fr\/","name":"Toitures Gregorius","description":"Seit 1875 - Ihr Partner an der Mosel","publisher":{"@id":"https:\/\/www.gregorius.lu\/fr\/#organization"},"potentialAction":[{"@type":"SearchAction","target":{"@type":"EntryPoint","urlTemplate":"https:\/\/www.gregorius.lu\/fr\/?s={search_term_string}"},"query-input":"required name=search_term_string"}],"inLanguage":"fr-FR"},{"@type":"Organization","@id":"https:\/\/www.gregorius.lu\/fr\/#organization","name":"Toitures Gregorius","url":"https:\/\/www.gregorius.lu\/fr\/","logo":{"@type":"ImageObject","inLanguage":"fr-FR","@id":"https:\/\/www.gregorius.lu\/fr\/#\/schema\/logo\/image\/","url":"https:\/\/www.gregorius.lu\/wp-content\/uploads\/2024\/03\/ogimage-gregorius.jpg","contentUrl":"https:\/\/www.gregorius.lu\/wp-content\/uploads\/2024\/03\/ogimage-gregorius.jpg","width":794,"height":408,"caption":"Toitures Gregorius"},"image":{"@id":"https:\/\/www.gregorius.lu\/fr\/#\/schema\/logo\/image\/"}}]}},"_links":{"self":[{"href":"https:\/\/www.gregorius.lu\/fr\/wp-json\/wp\/v2\/pages\/1697","targetHints":{"allow":["GET"]}}],"collection":[{"href":"https:\/\/www.gregorius.lu\/fr\/wp-json\/wp\/v2\/pages"}],"about":[{"href":"https:\/\/www.gregorius.lu\/fr\/wp-json\/wp\/v2\/types\/page"}],"author":[{"embeddable":true,"href":"https:\/\/www.gregorius.lu\/fr\/wp-json\/wp\/v2\/users\/1"}],"replies":[{"embeddable":true,"href":"https:\/\/www.gregorius.lu\/fr\/wp-json\/wp\/v2\/comments?post=1697"}],"version-history":[{"count":7,"href":"https:\/\/www.gregorius.lu\/fr\/wp-json\/wp\/v2\/pages\/1697\/revisions"}],"predecessor-version":[{"id":1704,"href":"https:\/\/www.gregorius.lu\/fr\/wp-json\/wp\/v2\/pages\/1697\/revisions\/1704"}],"wp:attachment":[{"href":"https:\/\/www.gregorius.lu\/fr\/wp-json\/wp\/v2\/media?parent=1697"}],"curies":[{"name":"wp","href":"https:\/\/api.w.org\/{rel}","templated":true}]}}